{"version":"1.0","provider_name":"M\u00e1tra","provider_url":"https:\/\/matra.cafeblog.hu","author_name":"A konyha \u00f6rd\u00f6ge","author_url":"https:\/\/matra.cafeblog.hu\/author\/urbancsilla73gmail-com\/","title":"Fall\u00f3sk\u00fat","html":"<p><img class=\" wp-image-14 aligncenter\" src=\"https:\/\/matra.cafeblog.hu\/files\/2020\/10\/T\u00e9rk\u00e9p-V\u00e1ndor-forr\u00e1s-300x132.jpg\" alt=\"\" width=\"412\" height=\"181\" \/><\/p>\r\n<p>&nbsp;<\/p>\r\n<p>Ez\u00fattal Fall\u00f3sk\u00fat fel\u00e9 vessz\u00fck az ir\u00e1nyt. Ezt a telep\u00fcl\u00e9st a M\u00e1tra fenns\u00edkj\u00e1nak is nevezik.<\/p>\r\n[caption id=\"attachment_15\" align=\"alignright\" width=\"183\"]<img class=\"size-full wp-image-15\" src=\"https:\/\/matra.cafeblog.hu\/files\/2020\/10\/Fall\u00f3sk\u00fat.jpg\" alt=\"\" width=\"183\" height=\"276\" \/> forr\u00e1s: pixabay.com[\/caption]\r\n<p><br \/>Nevezetess\u00e9ge a M\u00e1ria-k\u00e1polna, melyet az 1970-es \u00e9vek v\u00e9g\u00e9n \u00e9p\u00edtettek, a csod\u00e1s jelen\u00e9sek hely\u00e9n. K\u00fcl\u00f6n\u00f6sen\u00a0 sz\u00e9pek a t\u0171zzom\u00e1nc st\u00e1ci\u00f3k, amiket az orsz\u00e1g k\u00fcl\u00f6nb\u00f6z\u0151 telep\u00fcl\u00e9seinek adom\u00e1nyaib\u00f3l k\u00e9sz\u00edtettek el 1992-ben (m\u00e9g a tengerent\u00falr\u00f3l is \u00e9rkeztek adom\u00e1nyok). 1996-ban k\u00e9sz\u00fclt el a szabadt\u00e9ri olt\u00e1r, illetve a k\u00e1polna el\u0151tti m\u00e1rv\u00e1ny M\u00e1ria szobor, majd 2006-ban szentelt\u00e9k fel a B\u00e9ke kir\u00e1lyn\u00e9ja templomot. Ezzel be is fejez\u0151d\u00f6tt a fall\u00f3sk\u00fati kegyhely ki\u00e9p\u00edt\u00e9se. A M\u00e1ria k\u00e1polna t\u00f6rt\u00e9nete r\u00f6vid id\u0151re ny\u00falik vissza. 1947-ben Hasznos k\u00f6zs\u00e9gben, S\u00e1nta L\u00e1szl\u00f3n\u00e9nak jelent meg a Sz\u0171zanya, \u00e9s k\u00e9rte, hogy keresse meg a forr\u00e1st. Ennek k\u00f6sz\u00f6nhet\u0151en tal\u00e1lt\u00e1k meg a fall\u00f3sk\u00fati forr\u00e1st.\u00a0<br \/>M\u00e1traszentimre k\u00f6zpontj\u00e1b\u00f3l, a vir\u00e1gbolt el\u00f6l induljunk el balra, az \u201eM\u201d bet\u0171vel jel\u00f6lt (M\u00e1ria \u00fatvonal) turista\u00fatvonalon. K\u00f6r\u00fclbel\u00fcl \u00be \u00f3ra alatt \u00e9rkez\u00fcnk meg Fall\u00f3sk\u00fatra. Ha megcsod\u00e1ltuk a kegyhelyet, lelkileg felt\u00f6ltekezve indulhatunk tov\u00e1bb. Innen k\u00f6r\u00fclbel\u00fcl 1,5 km-re lesz egy le\u00e1gaz\u00e1s balra. Az utat k\u00f6vetve tov\u00e1bbi 1,5 km m\u00falva \u00e9rj\u00fck el a V\u00e1ndor-forr\u00e1st. A friss forr\u00e1sv\u00edzt\u0151l \u00faj er\u0151re kapva felkaptatunk az el\u00e1gaz\u00e1shoz, \u00e9s az utunkat imm\u00e1r v\u00e9gig felfel\u00e9 \u00a0folytatva, a kb. 500 m\u00e9ter m\u00falva becsatlakozott z\u00f6ld n\u00e9gyzet jel\u00f6l\u00e9st k\u00f6vetj\u00fck, eg\u00e9szen M\u00e1traszentimr\u00e9ig. <\/p>\r\n<p>Ez az \u00fatvonal nagyj\u00e1b\u00f3l 16 km hossz\u00fa, amit 4,5-5 \u00f3ra alatt j\u00e1rhatunk be, ha figyelembe vessz\u00fck a k\u00e9t hosszabb pihen\u0151t is. A V\u00e1ndor-forr\u00e1sig szinte v\u00e9gig lejt az utunk, onnan viszont picit meredekebb \u00a0emelked\u0151n jutunk vissza M\u00e1traszentimr\u00e9re.<\/p>\r\n<p>&nbsp;<\/p>\r\n<p>Forr\u00e1s: Wikip\u00e9dia<\/p>","type":"rich"}